{"id":4995,"date":"2021-12-15T11:20:44","date_gmt":"2021-12-15T14:20:44","guid":{"rendered":"https:\/\/agrihold.com\/liderazgos\/"},"modified":"2022-03-28T19:28:17","modified_gmt":"2022-03-28T22:28:17","slug":"liderazgos","status":"publish","type":"page","link":"https:\/\/agrihold.com\/es\/liderazgos\/","title":{"rendered":"LIDERAZGOS"},"content":{"rendered":"<p>[vc_row full_width=\u00bbstretch_row_content_no_spaces\u00bb content_placement=\u00bbmiddle\u00bb el_class=\u00bbsection_header_pages\u00bb][vc_column][vc_single_image image=\u00bb3652&#8243; img_size=\u00bb1920&#215;600&#8243; alignment=\u00bbcenter\u00bb][\/vc_column][\/vc_row][vc_row css=\u00bb.vc_custom_1608595450180{padding-bottom: 70px !important;}\u00bb][vc_column][vc_column_text css=\u00bb.vc_custom_1616454438359{padding-right: 50px !important;padding-bottom: 25px !important;padding-left: 50px !important;}\u00bb]Creemos que todo nuestro \u00e9xito a lo largo de m\u00e1s de 3 d\u00e9cadas de trayectoria es resultado del esfuerzo y la pasi\u00f3n de nuestros equipos. Los equipos est\u00e1n compuestos por personas, e son las personas que hacen la distinci\u00f3n.<\/p>\n<p>Todos nuestros l\u00edderes son profesionales con amplia experiencia en el sector, y que adem\u00e1s, creyeron en el sue\u00f1o y en la visi\u00f3n empresarial del fundador del Grupo Agrihold, T\u00falio Neves Zanchet.[\/vc_column_text][\/vc_column][\/vc_row][vc_row el_class=\u00bbsection_lideranca_show\u00bb][vc_column css_animation=\u00bbfadeIn\u00bb offset=\u00bbvc_col-lg-5 vc_col-md-5 vc_col-xs-12&#8243;][vc_single_image image=\u00bb4073&#8243; img_size=\u00bb350&#215;350&#8243; add_caption=\u00bbyes\u00bb alignment=\u00bbcenter\u00bb][vc_column_text]<\/p>\n<h3 style=\"text-align: center;\"><strong>Tulio Luiz Neves Zanchet<\/strong><\/h3>\n<h5 style=\"text-align: center;\">Presidente del Consejo Ejecutivo<\/h5>\n<p>[\/vc_column_text][\/vc_column][vc_column css_animation=\u00bbfadeIn\u00bb offset=\u00bbvc_col-lg-7 vc_col-md-7 vc_col-xs-12&#8243;][vc_column_text]Despu\u00e9s de cuatro a\u00f1os de experiencia en empresas de su familia en el segmento de agronegocio brasile\u00f1o, T\u00falio fund\u00f3 Agrotec en 1990; primero, como consultor agr\u00edcola y, despu\u00e9s, como distribuidor de Agri-Inputs. T\u00falio es ingeniero agr\u00f3nomo graduado por la Universidad Federal de Paran\u00e1 y particip\u00f3 de cursos de perfeccionamiento en los Estados Unidos y Holanda (Universidad de Agricultura de Wageningen), adem\u00e1s de diversos seminarios en Harved Business School.[\/vc_column_text][\/vc_column][\/vc_row][vc_row rtl_reverse=\u00bbyes\u00bb el_class=\u00bbsection_lideranca_show\u00bb][vc_column css_animation=\u00bbfadeIn\u00bb offset=\u00bbvc_col-lg-7 vc_col-md-7 vc_col-xs-12&#8243;][vc_column_text]Antes de ingresar en el grupo Agrihold, Paulo acumul\u00f3 experiencia trabajando en grandes empresas del segmento agro. En los Estados Unidos trabaj\u00f3 por 4 a\u00f1os en Cargill Sementes. Tambi\u00e9n oper\u00f3 por 3 a\u00f1os en Monsanto-Brasil, donde en un primero momento actu\u00f3 como coordinador de marketing y despu\u00e9s como responsable por la creaci\u00f3n de la Universidad de Monsanto, con el fin de capacitar gerentes y ejecutivos. En 2001, ingres\u00f3 en Agrotec como director de marketing y, en 2003, asumi\u00f3 el puesto de director de ventas de la compa\u00f1\u00eda. Paulo es ingeniero agr\u00f3nomo graduado por la Universidad de Ponta Grossa, en Paran\u00e1.[\/vc_column_text][\/vc_column][vc_column css_animation=\u00bbfadeIn\u00bb offset=\u00bbvc_col-lg-5 vc_col-md-5 vc_col-xs-12&#8243;][vc_single_image image=\u00bb4075&#8243; img_size=\u00bb350&#215;350&#8243; add_caption=\u00bbyes\u00bb alignment=\u00bbcenter\u00bb][vc_column_text]<\/p>\n<h3 style=\"text-align: center;\"><strong>Paulo Alves<\/strong><\/h3>\n<h5 style=\"text-align: center;\">CEO<\/h5>\n<p>[\/vc_column_text][\/vc_column][\/vc_row][vc_row el_class=\u00bbsection_lideranca_show\u00bb][vc_column css_animation=\u00bbfadeIn\u00bb offset=\u00bbvc_col-lg-5 vc_col-md-5 vc_col-xs-12&#8243;][vc_single_image image=\u00bb4074&#8243; img_size=\u00bb350&#215;350&#8243; add_caption=\u00bbyes\u00bb alignment=\u00bbcenter\u00bb][vc_column_text]<\/p>\n<h3 style=\"text-align: center;\"><strong>Marcia Portella Gracia <\/strong><\/h3>\n<h5 style=\"text-align: center;\">Directora de Recursos Humanos<\/h5>\n<p>[\/vc_column_text][\/vc_column][vc_column css_animation=\u00bbfadeIn\u00bb offset=\u00bbvc_col-lg-7 vc_col-md-7 vc_col-xs-12&#8243;][vc_column_text]M\u00e1rcia Ingres\u00f3 en el Grupo Agrihold en 2011, despu\u00e9s de su experiencia como Directora de Recursos Humanos del Grupo Barigui (Brasil). Marcia estudi\u00f3 Psicolog\u00eda en la Universidad Tecnol\u00f3gica Tuiuti, de Paran\u00e1. Tambi\u00e9n estudi\u00f3 Administraci\u00f3n de Empresas en la Universidad Federal de Paran\u00e1 y M\u00e1ster en Gesti\u00f3n Estrat\u00e9gica de Recursos Humanos.[\/vc_column_text][\/vc_column][\/vc_row][vc_row el_class=\u00bbsection_lideranca_show\u00bb][vc_column css_animation=\u00bbfadeIn\u00bb offset=\u00bbvc_col-lg-7 vc_col-md-7 vc_col-xs-12&#8243;][vc_column_text]Jo\u00e3o es graduado en Contabilidad por la Facultad de Porto Alegre \u2013 Rio Grande do Sul, Brasil (FAPA), con MBA en Gesti\u00f3n Financiera y Fiscal\u00eda y Gesti\u00f3n de Personas por la Funda\u00e7\u00e3o Get\u00falio Vargas (FGV). Posee s\u00f3lida experiencia profesional en agronegocio, ha trabajado en compa\u00f1\u00edas como Rainbow y SLC Agr\u00edcola.[\/vc_column_text][\/vc_column][vc_column css_animation=\u00bbfadeIn\u00bb offset=\u00bbvc_col-lg-5 vc_col-md-5 vc_col-xs-12&#8243;][vc_single_image image=\u00bb4128&#8243; img_size=\u00bb350&#215;350&#8243; add_caption=\u00bbyes\u00bb alignment=\u00bbcenter\u00bb][vc_column_text]<\/p>\n<h3 style=\"text-align: center;\"><strong>Jo\u00e3o Eduardo Suprinyak<\/strong><\/h3>\n<h5 style=\"text-align: center;\">Director Financiero<\/h5>\n<p>[\/vc_column_text][\/vc_column][\/vc_row]<\/p>\n","protected":false},"excerpt":{"rendered":"<p>[vc_row full_width=\u00bbstretch_row_content_no_spaces\u00bb content_placement=\u00bbmiddle\u00bb el_class=\u00bbsection_header_pages\u00bb][vc_column][vc_single_image image=\u00bb3652&#8243; img_size=\u00bb1920&#215;600&#8243; alignment=\u00bbcenter\u00bb][\/vc_column][\/vc_row][vc_row css=\u00bb.vc_custom_1608595450180{padding-bottom: 70px !important;}\u00bb][vc_column][vc_column_text css=\u00bb.vc_custom_1616454438359{padding-right: 50px !important;padding-bottom: 25px !important;padding-left: 50px !important;}\u00bb]Creemos que todo nuestro \u00e9xito a lo largo de m\u00e1s de 3 d\u00e9cadas de&#8230;<\/p>\n","protected":false},"author":2,"featured_media":0,"parent":0,"menu_order":0,"comment_status":"closed","ping_status":"closed","template":"","meta":{"footnotes":""},"class_list":["post-4995","page","type-page","status-publish","hentry"],"_links":{"self":[{"href":"https:\/\/agrihold.com\/es\/wp-json\/wp\/v2\/pages\/4995","targetHints":{"allow":["GET"]}}],"collection":[{"href":"https:\/\/agrihold.com\/es\/wp-json\/wp\/v2\/pages"}],"about":[{"href":"https:\/\/agrihold.com\/es\/wp-json\/wp\/v2\/types\/page"}],"author":[{"embeddable":true,"href":"https:\/\/agrihold.com\/es\/wp-json\/wp\/v2\/users\/2"}],"replies":[{"embeddable":true,"href":"https:\/\/agrihold.com\/es\/wp-json\/wp\/v2\/comments?post=4995"}],"version-history":[{"count":3,"href":"https:\/\/agrihold.com\/es\/wp-json\/wp\/v2\/pages\/4995\/revisions"}],"predecessor-version":[{"id":5176,"href":"https:\/\/agrihold.com\/es\/wp-json\/wp\/v2\/pages\/4995\/revisions\/5176"}],"wp:attachment":[{"href":"https:\/\/agrihold.com\/es\/wp-json\/wp\/v2\/media?parent=4995"}],"curies":[{"name":"wp","href":"https:\/\/api.w.org\/{rel}","templated":true}]}}